{"id":5470,"date":"2024-06-07T08:44:02","date_gmt":"2024-06-07T07:44:02","guid":{"rendered":"https:\/\/www.stefaniazani.it\/?post_type=product&#038;p=5470"},"modified":"2025-12-18T00:55:24","modified_gmt":"2025-12-17T23:55:24","slug":"i-talenti","status":"publish","type":"product","link":"https:\/\/www.stefaniazani.it\/es\/producto\/conferencia-talento\/","title":{"rendered":"TALENTOS"},"content":{"rendered":"<p>Lecci\u00f3n grabada &#8211; Los talentos<br \/>\nCon la participaci\u00f3n de<em><strong> Gabriela Raquel de Paz<\/strong><\/em><\/p>\n<p><strong>Encontrar\u00e1 el enlace y la contrase\u00f1a para acceder a la lecci\u00f3n grabada en el archivo pdf que llega con el correo electr\u00f3nico de confirmaci\u00f3n autom\u00e1tica del pedido.<\/strong><\/p>\n","protected":false},"excerpt":{"rendered":"<p>Lecci\u00f3n grabada &#8211; Los talentos<br \/>\nCon la participaci\u00f3n de <strong><em>Gabriela Raquel de Paz<\/em><\/strong><\/p>\n<p>El talento es una cualidad an\u00edmica y divina.<br \/>\nReconocerla y manifestarla es la \u00fanica forma de ser felices, \u00edntegros y completos, para dar luz al mundo y adquirir riquezas permanentes.<\/p>\n<p>En esta lecci\u00f3n, junto con Gabriela Raquel De Paz, vamos a entender qu\u00e9 es un Talento y c\u00f3mo expresarlo.<\/p>\n<p><strong>Encontrar\u00e1s el enlace y la contrase\u00f1a para acceder a la grabaci\u00f3n de la lecci\u00f3n en el archivo pdf que llega con el e-mail de confirmaci\u00f3n autom\u00e1tica del pedido.<\/strong><\/p>\n","protected":false},"featured_media":15698,"template":"","meta":[],"product_brand":[],"product_cat":[27],"product_tag":[],"class_list":{"0":"post-5470","1":"product","2":"type-product","3":"status-publish","4":"has-post-thumbnail","6":"product_cat-lezioni","8":"first","9":"instock","10":"downloadable","11":"virtual","12":"taxable","13":"purchasable","14":"product-type-simple"},"yoast_head":"<!-- This site is optimized with the Yoast SEO plugin v27.5 - https:\/\/yoast.com\/product\/yoast-seo-wordpress\/ -->\n<title>TALENTOS<\/title>\n<meta name=\"description\" content=\"Lecci\u00f3n grabada - Los talentos Con la participaci\u00f3n de Gabriela Raquel de Paz  El talento es una cualidad an\u00edmica y divina. Reconocerla y manifestarla es la \u00fanica forma de ser felices, \u00edntegros y completos, para dar luz al mundo y adquirir riquezas permanentes.  En esta lecci\u00f3n, junto con Gabriela Raquel De Paz, vamos a entender qu\u00e9 es un Talento y c\u00f3mo expresarlo.  Encontrar\u00e1s el enlace y la contrase\u00f1a para acceder a la grabaci\u00f3n de la lecci\u00f3n en el archivo pdf que llega con el e-mail de confirmaci\u00f3n autom\u00e1tica del pedido.\" \/>\n<meta name=\"robots\" content=\"index, follow, max-snippet:-1, max-image-preview:large, max-video-preview:-1\" \/>\n<link rel=\"canonical\" href=\"http:\/\/Lecci\u00f3n%20grabada%20-%20Los%20talentos%20Con%20la%20participaci\u00f3n%20de%20Gabriela%20Raquel%20de%20Paz%20%20El%20talento%20es%20una%20cualidad%20an\u00edmica%20y%20divina.%20Reconocerla%20y%20manifestarla%20es%20la%20\u00fanica%20forma%20de%20ser%20felices,%20\u00edntegros%20y%20completos,%20para%20dar%20luz%20al%20mundo%20y%20adquirir%20riquezas%20permanentes.%20%20En%20esta%20lecci\u00f3n,%20junto%20con%20Gabriela%20Raquel%20De%20Paz,%20vamos%20a%20entender%20qu\u00e9%20es%20un%20Talento%20y%20c\u00f3mo%20expresarlo.%20%20Encontrar\u00e1s%20el%20enlace%20y%20la%20contrase\u00f1a%20para%20acceder%20a%20la%20grabaci\u00f3n%20de%20la%20lecci\u00f3n%20en%20el%20archivo%20pdf%20que%20llega%20con%20el%20e-mail%20de%20confirmaci\u00f3n%20autom\u00e1tica%20del%20pedido.\" \/>\n<meta property=\"og:locale\" content=\"es_ES\" \/>\n<meta property=\"og:type\" content=\"article\" \/>\n<meta property=\"og:title\" content=\"TALENTOS\" \/>\n<meta property=\"og:description\" content=\"Lecci\u00f3n grabada - Los talentos Con la participaci\u00f3n de Gabriela Raquel de Paz  El talento es una cualidad an\u00edmica y divina. Reconocerla y manifestarla es la \u00fanica forma de ser felices, \u00edntegros y completos, para dar luz al mundo y adquirir riquezas permanentes.  En esta lecci\u00f3n, junto con Gabriela Raquel De Paz, vamos a entender qu\u00e9 es un Talento y c\u00f3mo expresarlo.  Encontrar\u00e1s el enlace y la contrase\u00f1a para acceder a la grabaci\u00f3n de la lecci\u00f3n en el archivo pdf que llega con el e-mail de confirmaci\u00f3n autom\u00e1tica del pedido.\" \/>\n<meta property=\"og:url\" content=\"https:\/\/www.stefaniazani.it\/es\/producto\/conferencia-talento\/\" \/>\n<meta property=\"og:site_name\" content=\"Stefania Zani\" \/>\n<meta property=\"article:publisher\" content=\"https:\/\/www.facebook.com\/p\/Stefania-Zani-100087139977126\/\" \/>\n<meta property=\"article:modified_time\" content=\"2025-12-17T23:55:24+00:00\" \/>\n<meta property=\"og:image\" content=\"https:\/\/www.stefaniazani.it\/wp-content\/uploads\/2024\/12\/I-Talenti.png\" \/>\n\t<meta property=\"og:image:width\" content=\"1080\" \/>\n\t<meta property=\"og:image:height\" content=\"1080\" \/>\n\t<meta property=\"og:image:type\" content=\"image\/png\" \/>\n<meta name=\"twitter:card\" content=\"summary_large_image\" \/>\n<meta name=\"twitter:label1\" content=\"Tiempo de lectura\" \/>\n\t<meta name=\"twitter:data1\" content=\"1 minuto\" \/>\n<script type=\"application\/ld+json\" class=\"yoast-schema-graph\">{\"@context\":\"https:\\\/\\\/schema.org\",\"@graph\":[{\"@type\":\"WebPage\",\"@id\":\"https:\\\/\\\/www.stefaniazani.it\\\/es\\\/producto\\\/conferencia-talento\\\/\",\"url\":\"https:\\\/\\\/www.stefaniazani.it\\\/es\\\/producto\\\/conferencia-talento\\\/\",\"name\":\"I Talenti - Stefania Zani\",\"isPartOf\":{\"@id\":\"https:\\\/\\\/www.stefaniazani.it\\\/#website\"},\"primaryImageOfPage\":{\"@id\":\"https:\\\/\\\/www.stefaniazani.it\\\/es\\\/producto\\\/conferencia-talento\\\/#primaryimage\"},\"image\":{\"@id\":\"https:\\\/\\\/www.stefaniazani.it\\\/es\\\/producto\\\/conferencia-talento\\\/#primaryimage\"},\"thumbnailUrl\":\"\",\"datePublished\":\"2024-06-07T07:44:02+00:00\",\"dateModified\":\"2025-12-17T23:55:24+00:00\",\"description\":\"Lezione registrata I Talenti, una qualit\u00e0 animica e divina. Riconoscerli e manifestarli \u00e8 l\u2019unico modo che abbiamo per essere felici, integri e completi.\",\"breadcrumb\":{\"@id\":\"https:\\\/\\\/www.stefaniazani.it\\\/es\\\/producto\\\/conferencia-talento\\\/#breadcrumb\"},\"inLanguage\":\"es\",\"potentialAction\":[{\"@type\":\"ReadAction\",\"target\":[\"https:\\\/\\\/www.stefaniazani.it\\\/es\\\/producto\\\/conferencia-talento\\\/\"]}]},{\"@type\":\"ImageObject\",\"inLanguage\":\"es\",\"@id\":\"https:\\\/\\\/www.stefaniazani.it\\\/es\\\/producto\\\/conferencia-talento\\\/#primaryimage\",\"url\":\"\",\"contentUrl\":\"\",\"width\":1080,\"height\":1080},{\"@type\":\"BreadcrumbList\",\"@id\":\"https:\\\/\\\/www.stefaniazani.it\\\/es\\\/producto\\\/conferencia-talento\\\/#breadcrumb\",\"itemListElement\":[{\"@type\":\"ListItem\",\"position\":1,\"name\":\"Home\",\"item\":\"https:\\\/\\\/www.stefaniazani.it\\\/\"},{\"@type\":\"ListItem\",\"position\":2,\"name\":\"Shop\",\"item\":\"https:\\\/\\\/www.stefaniazani.it\\\/negozio\\\/\"},{\"@type\":\"ListItem\",\"position\":3,\"name\":\"TALENTOS\"}]},{\"@type\":\"WebSite\",\"@id\":\"https:\\\/\\\/www.stefaniazani.it\\\/es\\\/#website\",\"url\":\"https:\\\/\\\/www.stefaniazani.it\\\/es\\\/\",\"name\":\"Stefania Zani\",\"description\":\"\",\"publisher\":{\"@id\":\"https:\\\/\\\/www.stefaniazani.it\\\/es\\\/#organization\"},\"potentialAction\":[{\"@type\":\"SearchAction\",\"target\":{\"@type\":\"EntryPoint\",\"urlTemplate\":\"https:\\\/\\\/www.stefaniazani.it\\\/es\\\/?s={search_term_string}\"},\"query-input\":{\"@type\":\"PropertyValueSpecification\",\"valueRequired\":true,\"valueName\":\"search_term_string\"}}],\"inLanguage\":\"es\"},{\"@type\":\"Organization\",\"@id\":\"https:\\\/\\\/www.stefaniazani.it\\\/es\\\/#organization\",\"name\":\"Stefania Zani Srl\",\"url\":\"https:\\\/\\\/www.stefaniazani.it\\\/es\\\/\",\"logo\":{\"@type\":\"ImageObject\",\"inLanguage\":\"es\",\"@id\":\"https:\\\/\\\/www.stefaniazani.it\\\/es\\\/#\\\/schema\\\/logo\\\/image\\\/\",\"url\":\"https:\\\/\\\/www.stefaniazani.it\\\/wp-content\\\/uploads\\\/2024\\\/03\\\/stefania_zani_logo_start.png\",\"contentUrl\":\"https:\\\/\\\/www.stefaniazani.it\\\/wp-content\\\/uploads\\\/2024\\\/03\\\/stefania_zani_logo_start.png\",\"width\":250,\"height\":50,\"caption\":\"Stefania Zani Srl\"},\"image\":{\"@id\":\"https:\\\/\\\/www.stefaniazani.it\\\/es\\\/#\\\/schema\\\/logo\\\/image\\\/\"},\"sameAs\":[\"https:\\\/\\\/www.facebook.com\\\/p\\\/Stefania-Zani-100087139977126\\\/\",\"https:\\\/\\\/www.instagram.com\\\/stefania__zani\\\/\"]}]}<\/script>\n<!-- \/ Yoast SEO plugin. -->","yoast_head_json":{"title":"TALENTOS","description":"Lecci\u00f3n grabada - Los talentos Con la participaci\u00f3n de Gabriela Raquel de Paz  El talento es una cualidad an\u00edmica y divina. Reconocerla y manifestarla es la \u00fanica forma de ser felices, \u00edntegros y completos, para dar luz al mundo y adquirir riquezas permanentes.  En esta lecci\u00f3n, junto con Gabriela Raquel De Paz, vamos a entender qu\u00e9 es un Talento y c\u00f3mo expresarlo.  Encontrar\u00e1s el enlace y la contrase\u00f1a para acceder a la grabaci\u00f3n de la lecci\u00f3n en el archivo pdf que llega con el e-mail de confirmaci\u00f3n autom\u00e1tica del pedido.","robots":{"index":"index","follow":"follow","max-snippet":"max-snippet:-1","max-image-preview":"max-image-preview:large","max-video-preview":"max-video-preview:-1"},"canonical":"Lecci\u00f3n grabada - Los talentos Con la participaci\u00f3n de Gabriela Raquel de Paz  El talento es una cualidad an\u00edmica y divina. Reconocerla y manifestarla es la \u00fanica forma de ser felices, \u00edntegros y completos, para dar luz al mundo y adquirir riquezas permanentes.  En esta lecci\u00f3n, junto con Gabriela Raquel De Paz, vamos a entender qu\u00e9 es un Talento y c\u00f3mo expresarlo.  Encontrar\u00e1s el enlace y la contrase\u00f1a para acceder a la grabaci\u00f3n de la lecci\u00f3n en el archivo pdf que llega con el e-mail de confirmaci\u00f3n autom\u00e1tica del pedido.","og_locale":"es_ES","og_type":"article","og_title":"TALENTOS","og_description":"Lecci\u00f3n grabada - Los talentos Con la participaci\u00f3n de Gabriela Raquel de Paz  El talento es una cualidad an\u00edmica y divina. Reconocerla y manifestarla es la \u00fanica forma de ser felices, \u00edntegros y completos, para dar luz al mundo y adquirir riquezas permanentes.  En esta lecci\u00f3n, junto con Gabriela Raquel De Paz, vamos a entender qu\u00e9 es un Talento y c\u00f3mo expresarlo.  Encontrar\u00e1s el enlace y la contrase\u00f1a para acceder a la grabaci\u00f3n de la lecci\u00f3n en el archivo pdf que llega con el e-mail de confirmaci\u00f3n autom\u00e1tica del pedido.","og_url":"https:\/\/www.stefaniazani.it\/es\/producto\/conferencia-talento\/","og_site_name":"Stefania Zani","article_publisher":"https:\/\/www.facebook.com\/p\/Stefania-Zani-100087139977126\/","article_modified_time":"2025-12-17T23:55:24+00:00","og_image":[{"width":1080,"height":1080,"url":"https:\/\/www.stefaniazani.it\/wp-content\/uploads\/2024\/12\/I-Talenti.png","type":"image\/png"}],"twitter_card":"summary_large_image","twitter_misc":{"Tiempo de lectura":"1 minuto"},"schema":{"@context":"https:\/\/schema.org","@graph":[{"@type":"WebPage","@id":"https:\/\/www.stefaniazani.it\/es\/producto\/conferencia-talento\/","url":"https:\/\/www.stefaniazani.it\/es\/producto\/conferencia-talento\/","name":"I Talenti - Stefania Zani","isPartOf":{"@id":"https:\/\/www.stefaniazani.it\/#website"},"primaryImageOfPage":{"@id":"https:\/\/www.stefaniazani.it\/es\/producto\/conferencia-talento\/#primaryimage"},"image":{"@id":"https:\/\/www.stefaniazani.it\/es\/producto\/conferencia-talento\/#primaryimage"},"thumbnailUrl":"","datePublished":"2024-06-07T07:44:02+00:00","dateModified":"2025-12-17T23:55:24+00:00","description":"Lezione registrata I Talenti, una qualit\u00e0 animica e divina. Riconoscerli e manifestarli \u00e8 l\u2019unico modo che abbiamo per essere felici, integri e completi.","breadcrumb":{"@id":"https:\/\/www.stefaniazani.it\/es\/producto\/conferencia-talento\/#breadcrumb"},"inLanguage":"es","potentialAction":[{"@type":"ReadAction","target":["https:\/\/www.stefaniazani.it\/es\/producto\/conferencia-talento\/"]}]},{"@type":"ImageObject","inLanguage":"es","@id":"https:\/\/www.stefaniazani.it\/es\/producto\/conferencia-talento\/#primaryimage","url":"","contentUrl":"","width":1080,"height":1080},{"@type":"BreadcrumbList","@id":"https:\/\/www.stefaniazani.it\/es\/producto\/conferencia-talento\/#breadcrumb","itemListElement":[{"@type":"ListItem","position":1,"name":"Home","item":"https:\/\/www.stefaniazani.it\/"},{"@type":"ListItem","position":2,"name":"Shop","item":"https:\/\/www.stefaniazani.it\/negozio\/"},{"@type":"ListItem","position":3,"name":"TALENTOS"}]},{"@type":"WebSite","@id":"https:\/\/www.stefaniazani.it\/es\/#website","url":"https:\/\/www.stefaniazani.it\/es\/","name":"Stefania Zani","description":"","publisher":{"@id":"https:\/\/www.stefaniazani.it\/es\/#organization"},"potentialAction":[{"@type":"SearchAction","target":{"@type":"EntryPoint","urlTemplate":"https:\/\/www.stefaniazani.it\/es\/?s={search_term_string}"},"query-input":{"@type":"PropertyValueSpecification","valueRequired":true,"valueName":"search_term_string"}}],"inLanguage":"es"},{"@type":"Organization","@id":"https:\/\/www.stefaniazani.it\/es\/#organization","name":"Stefania Zani Srl","url":"https:\/\/www.stefaniazani.it\/es\/","logo":{"@type":"ImageObject","inLanguage":"es","@id":"https:\/\/www.stefaniazani.it\/es\/#\/schema\/logo\/image\/","url":"https:\/\/www.stefaniazani.it\/wp-content\/uploads\/2024\/03\/stefania_zani_logo_start.png","contentUrl":"https:\/\/www.stefaniazani.it\/wp-content\/uploads\/2024\/03\/stefania_zani_logo_start.png","width":250,"height":50,"caption":"Stefania Zani Srl"},"image":{"@id":"https:\/\/www.stefaniazani.it\/es\/#\/schema\/logo\/image\/"},"sameAs":["https:\/\/www.facebook.com\/p\/Stefania-Zani-100087139977126\/","https:\/\/www.instagram.com\/stefania__zani\/"]}]}},"df_price":35,"df_sale_price":"","df_regular_price":35,"df_image_link":"https:\/\/www.stefaniazani.it\/wp-content\/uploads\/woocommerce-placeholder-300x300.png","_links":{"self":[{"href":"https:\/\/www.stefaniazani.it\/es\/wp-json\/wp\/v2\/product\/5470","targetHints":{"allow":["GET"]}}],"collection":[{"href":"https:\/\/www.stefaniazani.it\/es\/wp-json\/wp\/v2\/product"}],"about":[{"href":"https:\/\/www.stefaniazani.it\/es\/wp-json\/wp\/v2\/types\/product"}],"wp:featuredmedia":[{"embeddable":true,"href":"https:\/\/www.stefaniazani.it\/es\/wp-json\/"}],"wp:attachment":[{"href":"https:\/\/www.stefaniazani.it\/es\/wp-json\/wp\/v2\/media?parent=5470"}],"wp:term":[{"taxonomy":"product_brand","embeddable":true,"href":"https:\/\/www.stefaniazani.it\/es\/wp-json\/wp\/v2\/product_brand?post=5470"},{"taxonomy":"product_cat","embeddable":true,"href":"https:\/\/www.stefaniazani.it\/es\/wp-json\/wp\/v2\/product_cat?post=5470"},{"taxonomy":"product_tag","embeddable":true,"href":"https:\/\/www.stefaniazani.it\/es\/wp-json\/wp\/v2\/product_tag?post=5470"}],"curies":[{"name":"wp","href":"https:\/\/api.w.org\/{rel}","templated":true}]}}