{"id":23037,"date":"2026-04-01T14:58:41","date_gmt":"2026-04-01T12:58:41","guid":{"rendered":"https:\/\/www.stefaniazani.it\/prodotto\/\/"},"modified":"2026-04-14T11:01:00","modified_gmt":"2026-04-14T09:01:00","slug":"dove-l-anima-incontra-gli-angeli","status":"publish","type":"product","link":"https:\/\/www.stefaniazani.it\/es\/producto\/donde-el-alma-se-encuentra-con-los-angeles\/","title":{"rendered":"DONDE EL ALMA SE ENCUENTRA CON LOS \u00c1NGELES - EL PUNTO DONDE LO VISIBLE TOCA LO INVISIBLE"},"content":{"rendered":"<p><strong>Donde el alma se encuentra con los \u00e1ngeles &#8211; El punto donde lo visible toca lo invisible<br \/>con <em>Filippo Manassero<\/em><\/strong><\/p>\n<p>Estaremos juntos en presencia en Tur\u00edn, <strong>s\u00e1bado 9 de mayo<\/strong><br \/>\n<strong>Horario:<\/strong><br \/>\nEl evento empezar\u00e1 a las 9:30 y terminar\u00e1 a las 18:00<br \/>\nde 13.00 a 14.30 habr\u00e1 una pausa para comer<\/p>\n<p>Las Cartas de <a href=\"https:\/\/www.stefaniazani.it\/prodotto\/gli-angeli\/\">los \u00c1ngeles<\/a> nacieron hace poco m\u00e1s de un mes y fuisteis muchos los que las elegisteis. Cuando empezamos a trabajar en este proyecto, enseguida tuve la visi\u00f3n de este seminario, que surgi\u00f3 incluso antes de que las Cartas hubieran tomado su forma definitiva.<br \/>\nLa intenci\u00f3n es llevarte a trav\u00e9s del mismo proceso creativo que nos gui\u00f3 a Philip y a m\u00ed para traer el mensaje de los 72 \u00c1ngeles.<br \/>\nCada uno de nosotros es guiado por un \u00c1ngel y cada uno de nosotros est\u00e1 conectado a esa frecuencia desde el momento de su nacimiento.<br \/>\nPero cada uno expresa y manifiesta la frecuencia del mismo \u00c1ngel de una manera \u00fanica e incomparable.<\/p>\n<p>Este d\u00eda de seminario estar\u00e1 dedicado a conocer exactamente la propia expresi\u00f3n, la firma Ang\u00e9lica que traemos al mundo.<\/p>\n<p>Comenzaremos con un momento did\u00e1ctico en el que nos encontraremos con las huestes ang\u00e9licas y las oportunidades que surgen de su conexi\u00f3n, para pasar despu\u00e9s a un profundo momento art\u00edstico, guiados por la maestr\u00eda de Filippo.<br \/>\nSer\u00e1 a partir de esas pinceladas de color que se iniciar\u00e1 un trabajo de grupo, el mismo que Filippo y yo hemos afrontado frente a sus lienzos pintados, que os acompa\u00f1ar\u00e1 en la canalizaci\u00f3n del mensaje que tra\u00e9is al mundo.<br \/>\nS\u00e9 que ser\u00e1 un trabajo que permitir\u00e1 que se revele una verdad aut\u00e9ntica y estoy deseando ser testigo de la maravilla que se crear\u00e1.<\/p>\n<p><strong>El coste del seminario es de 140 euros. Quienes lo deseen pueden pagar un dep\u00f3sito inicial de 50 euros y abonar el resto antes del 22 de abril de 2026. <\/strong><strong>Si desea abonar el importe total inmediatamente, seleccione la opci\u00f3n \u00abPago completo\u00bb, si desea pagar primero un dep\u00f3sito y luego el resto, seleccione la opci\u00f3n \u00abDep\u00f3sito &#8211; 50 euros\u00bb.<br \/>En caso de cancelaci\u00f3n, las anulaciones realizadas en un plazo de 15 d\u00edas a partir del inicio del curso tendr\u00e1n derecho a la devoluci\u00f3n \u00edntegra del importe abonado, incluido el dep\u00f3sito. En caso de anulaci\u00f3n en los 14 d\u00edas anteriores al inicio del curso, se retendr\u00e1 el dep\u00f3sito<\/strong>.<\/p>\n","protected":false},"excerpt":{"rendered":"<p><strong>Seminario presencial el 9 de mayo en Tur\u00edn<br \/><strong>Donde el alma se encuentra con los \u00e1ngeles &#8211; El punto donde lo visible toca lo invisible<br \/>con <em>Filippo Manassero<\/em><\/strong><\/p>\n<p>Esta jornada de seminario estar\u00e1 dedicada a conocer exactamente la propia expresi\u00f3n, la firma ang\u00e9lica que llevamos en el mundo.<\/p>\n<p>Comenzaremos con un momento did\u00e1ctico en el que conoceremos a las huestes ang\u00e9licas y las oportunidades que surgen de su conexi\u00f3n, para pasar despu\u00e9s a un profundo momento art\u00edstico, guiados por la maestr\u00eda de Filippo.<br \/>Ser\u00e1 precisamente a partir de esas pinceladas de color que comenzar\u00e1 un trabajo en grupo, el mismo trabajo que Filippo y yo hemos abordado frente a sus lienzos pintados, que os acompa\u00f1ar\u00e1 en la canalizaci\u00f3n del mensaje que llev\u00e1is al mundo.<br \/>\nS\u00e9 que ser\u00e1 un trabajo que permitir\u00e1 que se revele una verdad aut\u00e9ntica, y estoy deseando ser testigo de la maravilla que se crear\u00e1.<\/p>\n<p>Estaremos juntos en presencia en Tur\u00edn, el <strong>s\u00e1bado 9 de mayo<\/strong><br \/><strong>Horario:<\/strong><br \/>El acto comenzar\u00e1 a las 9.30 y terminar\u00e1 a las 18.00.<br \/>de 13.00 a 14.00.30 habr\u00e1 una pausa para comer<\/p>\n<p>Las plazas son limitadas, porque deseamos mantener un espacio acogedor e intenso.<br \/>Si sientes que ha llegado el momento de conocer una parte de ti que est\u00e1 esperando ser experimentada, te esperamos<br \/>Con amor <br \/>Stefania y Filippo.<\/p>\n<p><\/strong><\/p>\n","protected":false},"featured_media":17509,"template":"","meta":[],"product_brand":[],"product_cat":[45],"product_tag":[],"class_list":{"0":"post-23037","1":"product","2":"type-product","3":"status-publish","4":"has-post-thumbnail","6":"product_cat-seminari","8":"first","9":"instock","10":"taxable","11":"shipping-taxable","12":"purchasable","13":"product-type-variable"},"yoast_head":"<!-- This site is optimized with the Yoast SEO plugin v27.5 - https:\/\/yoast.com\/product\/yoast-seo-wordpress\/ -->\n<title>DONDE EL ALMA SE ENCUENTRA CON LOS \u00c1NGELES - EL PUNTO DONDE LO VISIBLE TOCA LO INVISIBLE<\/title>\n<meta name=\"description\" content=\"Seminario presencial el 9 de mayo en Tur\u00ednDonde el alma se encuentra con los \u00e1ngeles - El punto donde lo visible toca lo invisiblecon Filippo ManasseroEsta jornada de seminario estar\u00e1 dedicada a conocer exactamente la propia expresi\u00f3n, la firma ang\u00e9lica que llevamos en el mundo.  Comenzaremos con un momento did\u00e1ctico en el que conoceremos a las huestes ang\u00e9licas y las oportunidades que surgen de su conexi\u00f3n, para pasar despu\u00e9s a un profundo momento art\u00edstico, guiados por la maestr\u00eda de Filippo.Ser\u00e1 precisamente a partir de esas pinceladas de color que comenzar\u00e1 un trabajo en grupo, el mismo trabajo que Filippo y yo hemos abordado frente a sus lienzos pintados, que os acompa\u00f1ar\u00e1 en la canalizaci\u00f3n del mensaje que llev\u00e1is al mundo. S\u00e9 que ser\u00e1 un trabajo que permitir\u00e1 que se revele una verdad aut\u00e9ntica, y estoy deseando ser testigo de la maravilla que se crear\u00e1.Estaremos juntos en presencia en Tur\u00edn, el s\u00e1bado 9 de mayoHorario:El acto comenzar\u00e1 a las 9.30 y terminar\u00e1 a las 18.00.de 13.00 a 14.00.30 habr\u00e1 una pausa para comerLas plazas son limitadas, porque deseamos mantener un espacio acogedor e intenso.Si sientes que ha llegado el momento de conocer una parte de ti que est\u00e1 esperando ser experimentada, te esperamosCon amor Stefania y Filippo.\" \/>\n<meta name=\"robots\" content=\"index, follow, max-snippet:-1, max-image-preview:large, max-video-preview:-1\" \/>\n<link rel=\"canonical\" href=\"\" \/>\n<meta property=\"og:locale\" content=\"es_ES\" \/>\n<meta property=\"og:type\" content=\"article\" \/>\n<meta property=\"og:title\" content=\"DONDE EL ALMA SE ENCUENTRA CON LOS \u00c1NGELES - EL PUNTO DONDE LO VISIBLE TOCA LO INVISIBLE\" \/>\n<meta property=\"og:description\" content=\"Seminario presencial el 9 de mayo en Tur\u00ednDonde el alma se encuentra con los \u00e1ngeles - El punto donde lo visible toca lo invisiblecon Filippo ManasseroEsta jornada de seminario estar\u00e1 dedicada a conocer exactamente la propia expresi\u00f3n, la firma ang\u00e9lica que llevamos en el mundo.  Comenzaremos con un momento did\u00e1ctico en el que conoceremos a las huestes ang\u00e9licas y las oportunidades que surgen de su conexi\u00f3n, para pasar despu\u00e9s a un profundo momento art\u00edstico, guiados por la maestr\u00eda de Filippo.Ser\u00e1 precisamente a partir de esas pinceladas de color que comenzar\u00e1 un trabajo en grupo, el mismo trabajo que Filippo y yo hemos abordado frente a sus lienzos pintados, que os acompa\u00f1ar\u00e1 en la canalizaci\u00f3n del mensaje que llev\u00e1is al mundo. S\u00e9 que ser\u00e1 un trabajo que permitir\u00e1 que se revele una verdad aut\u00e9ntica, y estoy deseando ser testigo de la maravilla que se crear\u00e1.Estaremos juntos en presencia en Tur\u00edn, el s\u00e1bado 9 de mayoHorario:El acto comenzar\u00e1 a las 9.30 y terminar\u00e1 a las 18.00.de 13.00 a 14.00.30 habr\u00e1 una pausa para comerLas plazas son limitadas, porque deseamos mantener un espacio acogedor e intenso.Si sientes que ha llegado el momento de conocer una parte de ti que est\u00e1 esperando ser experimentada, te esperamosCon amor Stefania y Filippo.\" \/>\n<meta property=\"og:url\" content=\"https:\/\/www.stefaniazani.it\/es\/producto\/donde-el-alma-se-encuentra-con-los-angeles\/\" \/>\n<meta property=\"og:site_name\" content=\"Stefania Zani\" \/>\n<meta property=\"article:publisher\" content=\"https:\/\/www.facebook.com\/p\/Stefania-Zani-100087139977126\/\" \/>\n<meta property=\"article:modified_time\" content=\"2026-04-14T09:01:00+00:00\" \/>\n<meta property=\"og:image\" content=\"https:\/\/www.stefaniazani.it\/wp-content\/uploads\/2026\/04\/PASQUA-ESSENZIALE-Post-Instagram-1.png\" \/>\n\t<meta property=\"og:image:width\" content=\"1080\" \/>\n\t<meta property=\"og:image:height\" content=\"1080\" \/>\n\t<meta property=\"og:image:type\" content=\"image\/png\" \/>\n<meta name=\"twitter:card\" content=\"summary_large_image\" \/>\n<meta name=\"twitter:label1\" content=\"Tiempo de lectura\" \/>\n\t<meta name=\"twitter:data1\" content=\"3 minutos\" \/>\n<script type=\"application\/ld+json\" class=\"yoast-schema-graph\">{\"@context\":\"https:\\\/\\\/schema.org\",\"@graph\":[{\"@type\":\"WebPage\",\"@id\":\"https:\\\/\\\/www.stefaniazani.it\\\/es\\\/producto\\\/donde-el-alma-se-encuentra-con-los-angeles\\\/\",\"url\":\"https:\\\/\\\/www.stefaniazani.it\\\/es\\\/producto\\\/donde-el-alma-se-encuentra-con-los-angeles\\\/\",\"name\":\"DOVE L'ANIMA INCONTRA GLI ANGELI - IL PUNTO IN CUI IL VISIBILE SFIORA L'INVISIBILE - Stefania Zani\",\"isPartOf\":{\"@id\":\"https:\\\/\\\/www.stefaniazani.it\\\/#website\"},\"primaryImageOfPage\":{\"@id\":\"https:\\\/\\\/www.stefaniazani.it\\\/es\\\/producto\\\/donde-el-alma-se-encuentra-con-los-angeles\\\/#primaryimage\"},\"image\":{\"@id\":\"https:\\\/\\\/www.stefaniazani.it\\\/es\\\/producto\\\/donde-el-alma-se-encuentra-con-los-angeles\\\/#primaryimage\"},\"thumbnailUrl\":\"\",\"datePublished\":\"2026-04-01T12:58:41+00:00\",\"dateModified\":\"2026-04-14T09:01:00+00:00\",\"breadcrumb\":{\"@id\":\"https:\\\/\\\/www.stefaniazani.it\\\/es\\\/producto\\\/donde-el-alma-se-encuentra-con-los-angeles\\\/#breadcrumb\"},\"inLanguage\":\"es\",\"potentialAction\":[{\"@type\":\"ReadAction\",\"target\":[\"https:\\\/\\\/www.stefaniazani.it\\\/es\\\/producto\\\/donde-el-alma-se-encuentra-con-los-angeles\\\/\"]}]},{\"@type\":\"ImageObject\",\"inLanguage\":\"es\",\"@id\":\"https:\\\/\\\/www.stefaniazani.it\\\/es\\\/producto\\\/donde-el-alma-se-encuentra-con-los-angeles\\\/#primaryimage\",\"url\":\"\",\"contentUrl\":\"\",\"width\":1080,\"height\":1080},{\"@type\":\"BreadcrumbList\",\"@id\":\"https:\\\/\\\/www.stefaniazani.it\\\/es\\\/producto\\\/donde-el-alma-se-encuentra-con-los-angeles\\\/#breadcrumb\",\"itemListElement\":[{\"@type\":\"ListItem\",\"position\":1,\"name\":\"Home\",\"item\":\"https:\\\/\\\/www.stefaniazani.it\\\/\"},{\"@type\":\"ListItem\",\"position\":2,\"name\":\"Shop\",\"item\":\"https:\\\/\\\/www.stefaniazani.it\\\/negozio\\\/\"},{\"@type\":\"ListItem\",\"position\":3,\"name\":\"DONDE EL ALMA SE ENCUENTRA CON LOS \u00c1NGELES - EL PUNTO DONDE LO VISIBLE TOCA LO INVISIBLE\"}]},{\"@type\":\"WebSite\",\"@id\":\"https:\\\/\\\/www.stefaniazani.it\\\/es\\\/#website\",\"url\":\"https:\\\/\\\/www.stefaniazani.it\\\/es\\\/\",\"name\":\"Stefania Zani\",\"description\":\"\",\"publisher\":{\"@id\":\"https:\\\/\\\/www.stefaniazani.it\\\/es\\\/#organization\"},\"potentialAction\":[{\"@type\":\"SearchAction\",\"target\":{\"@type\":\"EntryPoint\",\"urlTemplate\":\"https:\\\/\\\/www.stefaniazani.it\\\/es\\\/?s={search_term_string}\"},\"query-input\":{\"@type\":\"PropertyValueSpecification\",\"valueRequired\":true,\"valueName\":\"search_term_string\"}}],\"inLanguage\":\"es\"},{\"@type\":\"Organization\",\"@id\":\"https:\\\/\\\/www.stefaniazani.it\\\/es\\\/#organization\",\"name\":\"Stefania Zani Srl\",\"url\":\"https:\\\/\\\/www.stefaniazani.it\\\/es\\\/\",\"logo\":{\"@type\":\"ImageObject\",\"inLanguage\":\"es\",\"@id\":\"https:\\\/\\\/www.stefaniazani.it\\\/es\\\/#\\\/schema\\\/logo\\\/image\\\/\",\"url\":\"https:\\\/\\\/www.stefaniazani.it\\\/wp-content\\\/uploads\\\/2024\\\/03\\\/stefania_zani_logo_start.png\",\"contentUrl\":\"https:\\\/\\\/www.stefaniazani.it\\\/wp-content\\\/uploads\\\/2024\\\/03\\\/stefania_zani_logo_start.png\",\"width\":250,\"height\":50,\"caption\":\"Stefania Zani Srl\"},\"image\":{\"@id\":\"https:\\\/\\\/www.stefaniazani.it\\\/es\\\/#\\\/schema\\\/logo\\\/image\\\/\"},\"sameAs\":[\"https:\\\/\\\/www.facebook.com\\\/p\\\/Stefania-Zani-100087139977126\\\/\",\"https:\\\/\\\/www.instagram.com\\\/stefania__zani\\\/\"]}]}<\/script>\n<!-- \/ Yoast SEO plugin. -->","yoast_head_json":{"title":"DONDE EL ALMA SE ENCUENTRA CON LOS \u00c1NGELES - EL PUNTO DONDE LO VISIBLE TOCA LO INVISIBLE","description":"Seminario presencial el 9 de mayo en Tur\u00ednDonde el alma se encuentra con los \u00e1ngeles - El punto donde lo visible toca lo invisiblecon Filippo ManasseroEsta jornada de seminario estar\u00e1 dedicada a conocer exactamente la propia expresi\u00f3n, la firma ang\u00e9lica que llevamos en el mundo.  Comenzaremos con un momento did\u00e1ctico en el que conoceremos a las huestes ang\u00e9licas y las oportunidades que surgen de su conexi\u00f3n, para pasar despu\u00e9s a un profundo momento art\u00edstico, guiados por la maestr\u00eda de Filippo.Ser\u00e1 precisamente a partir de esas pinceladas de color que comenzar\u00e1 un trabajo en grupo, el mismo trabajo que Filippo y yo hemos abordado frente a sus lienzos pintados, que os acompa\u00f1ar\u00e1 en la canalizaci\u00f3n del mensaje que llev\u00e1is al mundo. S\u00e9 que ser\u00e1 un trabajo que permitir\u00e1 que se revele una verdad aut\u00e9ntica, y estoy deseando ser testigo de la maravilla que se crear\u00e1.Estaremos juntos en presencia en Tur\u00edn, el s\u00e1bado 9 de mayoHorario:El acto comenzar\u00e1 a las 9.30 y terminar\u00e1 a las 18.00.de 13.00 a 14.00.30 habr\u00e1 una pausa para comerLas plazas son limitadas, porque deseamos mantener un espacio acogedor e intenso.Si sientes que ha llegado el momento de conocer una parte de ti que est\u00e1 esperando ser experimentada, te esperamosCon amor Stefania y Filippo.","robots":{"index":"index","follow":"follow","max-snippet":"max-snippet:-1","max-image-preview":"max-image-preview:large","max-video-preview":"max-video-preview:-1"},"canonical":"Seminario presencial el 9 de mayo en Tur\u00ednDonde el alma se encuentra con los \u00e1ngeles - El punto donde lo visible toca lo invisiblecon Filippo ManasseroEsta jornada de seminario estar\u00e1 dedicada a conocer exactamente la propia expresi\u00f3n, la firma ang\u00e9lica que llevamos en el mundo.  Comenzaremos con un momento did\u00e1ctico en el que conoceremos a las huestes ang\u00e9licas y las oportunidades que surgen de su conexi\u00f3n, para pasar despu\u00e9s a un profundo momento art\u00edstico, guiados por la maestr\u00eda de Filippo.Ser\u00e1 precisamente a partir de esas pinceladas de color que comenzar\u00e1 un trabajo en grupo, el mismo trabajo que Filippo y yo hemos abordado frente a sus lienzos pintados, que os acompa\u00f1ar\u00e1 en la canalizaci\u00f3n del mensaje que llev\u00e1is al mundo. S\u00e9 que ser\u00e1 un trabajo que permitir\u00e1 que se revele una verdad aut\u00e9ntica, y estoy deseando ser testigo de la maravilla que se crear\u00e1.Estaremos juntos en presencia en Tur\u00edn, el s\u00e1bado 9 de mayoHorario:El acto comenzar\u00e1 a las 9.30 y terminar\u00e1 a las 18.00.de 13.00 a 14.00.30 habr\u00e1 una pausa para comerLas plazas son limitadas, porque deseamos mantener un espacio acogedor e intenso.Si sientes que ha llegado el momento de conocer una parte de ti que est\u00e1 esperando ser experimentada, te esperamosCon amor Stefania y Filippo.","og_locale":"es_ES","og_type":"article","og_title":"DONDE EL ALMA SE ENCUENTRA CON LOS \u00c1NGELES - EL PUNTO DONDE LO VISIBLE TOCA LO INVISIBLE","og_description":"Seminario presencial el 9 de mayo en Tur\u00ednDonde el alma se encuentra con los \u00e1ngeles - El punto donde lo visible toca lo invisiblecon Filippo ManasseroEsta jornada de seminario estar\u00e1 dedicada a conocer exactamente la propia expresi\u00f3n, la firma ang\u00e9lica que llevamos en el mundo.  Comenzaremos con un momento did\u00e1ctico en el que conoceremos a las huestes ang\u00e9licas y las oportunidades que surgen de su conexi\u00f3n, para pasar despu\u00e9s a un profundo momento art\u00edstico, guiados por la maestr\u00eda de Filippo.Ser\u00e1 precisamente a partir de esas pinceladas de color que comenzar\u00e1 un trabajo en grupo, el mismo trabajo que Filippo y yo hemos abordado frente a sus lienzos pintados, que os acompa\u00f1ar\u00e1 en la canalizaci\u00f3n del mensaje que llev\u00e1is al mundo. S\u00e9 que ser\u00e1 un trabajo que permitir\u00e1 que se revele una verdad aut\u00e9ntica, y estoy deseando ser testigo de la maravilla que se crear\u00e1.Estaremos juntos en presencia en Tur\u00edn, el s\u00e1bado 9 de mayoHorario:El acto comenzar\u00e1 a las 9.30 y terminar\u00e1 a las 18.00.de 13.00 a 14.00.30 habr\u00e1 una pausa para comerLas plazas son limitadas, porque deseamos mantener un espacio acogedor e intenso.Si sientes que ha llegado el momento de conocer una parte de ti que est\u00e1 esperando ser experimentada, te esperamosCon amor Stefania y Filippo.","og_url":"https:\/\/www.stefaniazani.it\/es\/producto\/donde-el-alma-se-encuentra-con-los-angeles\/","og_site_name":"Stefania Zani","article_publisher":"https:\/\/www.facebook.com\/p\/Stefania-Zani-100087139977126\/","article_modified_time":"2026-04-14T09:01:00+00:00","og_image":[{"width":1080,"height":1080,"url":"https:\/\/www.stefaniazani.it\/wp-content\/uploads\/2026\/04\/PASQUA-ESSENZIALE-Post-Instagram-1.png","type":"image\/png"}],"twitter_card":"summary_large_image","twitter_misc":{"Tiempo de lectura":"3 minutos"},"schema":{"@context":"https:\/\/schema.org","@graph":[{"@type":"WebPage","@id":"https:\/\/www.stefaniazani.it\/es\/producto\/donde-el-alma-se-encuentra-con-los-angeles\/","url":"https:\/\/www.stefaniazani.it\/es\/producto\/donde-el-alma-se-encuentra-con-los-angeles\/","name":"DOVE L'ANIMA INCONTRA GLI ANGELI - IL PUNTO IN CUI IL VISIBILE SFIORA L'INVISIBILE - Stefania Zani","isPartOf":{"@id":"https:\/\/www.stefaniazani.it\/#website"},"primaryImageOfPage":{"@id":"https:\/\/www.stefaniazani.it\/es\/producto\/donde-el-alma-se-encuentra-con-los-angeles\/#primaryimage"},"image":{"@id":"https:\/\/www.stefaniazani.it\/es\/producto\/donde-el-alma-se-encuentra-con-los-angeles\/#primaryimage"},"thumbnailUrl":"","datePublished":"2026-04-01T12:58:41+00:00","dateModified":"2026-04-14T09:01:00+00:00","breadcrumb":{"@id":"https:\/\/www.stefaniazani.it\/es\/producto\/donde-el-alma-se-encuentra-con-los-angeles\/#breadcrumb"},"inLanguage":"es","potentialAction":[{"@type":"ReadAction","target":["https:\/\/www.stefaniazani.it\/es\/producto\/donde-el-alma-se-encuentra-con-los-angeles\/"]}]},{"@type":"ImageObject","inLanguage":"es","@id":"https:\/\/www.stefaniazani.it\/es\/producto\/donde-el-alma-se-encuentra-con-los-angeles\/#primaryimage","url":"","contentUrl":"","width":1080,"height":1080},{"@type":"BreadcrumbList","@id":"https:\/\/www.stefaniazani.it\/es\/producto\/donde-el-alma-se-encuentra-con-los-angeles\/#breadcrumb","itemListElement":[{"@type":"ListItem","position":1,"name":"Home","item":"https:\/\/www.stefaniazani.it\/"},{"@type":"ListItem","position":2,"name":"Shop","item":"https:\/\/www.stefaniazani.it\/negozio\/"},{"@type":"ListItem","position":3,"name":"DONDE EL ALMA SE ENCUENTRA CON LOS \u00c1NGELES - EL PUNTO DONDE LO VISIBLE TOCA LO INVISIBLE"}]},{"@type":"WebSite","@id":"https:\/\/www.stefaniazani.it\/es\/#website","url":"https:\/\/www.stefaniazani.it\/es\/","name":"Stefania Zani","description":"","publisher":{"@id":"https:\/\/www.stefaniazani.it\/es\/#organization"},"potentialAction":[{"@type":"SearchAction","target":{"@type":"EntryPoint","urlTemplate":"https:\/\/www.stefaniazani.it\/es\/?s={search_term_string}"},"query-input":{"@type":"PropertyValueSpecification","valueRequired":true,"valueName":"search_term_string"}}],"inLanguage":"es"},{"@type":"Organization","@id":"https:\/\/www.stefaniazani.it\/es\/#organization","name":"Stefania Zani Srl","url":"https:\/\/www.stefaniazani.it\/es\/","logo":{"@type":"ImageObject","inLanguage":"es","@id":"https:\/\/www.stefaniazani.it\/es\/#\/schema\/logo\/image\/","url":"https:\/\/www.stefaniazani.it\/wp-content\/uploads\/2024\/03\/stefania_zani_logo_start.png","contentUrl":"https:\/\/www.stefaniazani.it\/wp-content\/uploads\/2024\/03\/stefania_zani_logo_start.png","width":250,"height":50,"caption":"Stefania Zani Srl"},"image":{"@id":"https:\/\/www.stefaniazani.it\/es\/#\/schema\/logo\/image\/"},"sameAs":["https:\/\/www.facebook.com\/p\/Stefania-Zani-100087139977126\/","https:\/\/www.instagram.com\/stefania__zani\/"]}]}},"df_price":50,"df_sale_price":"","df_regular_price":50,"df_image_link":"https:\/\/www.stefaniazani.it\/wp-content\/uploads\/woocommerce-placeholder-300x300.png","_links":{"self":[{"href":"https:\/\/www.stefaniazani.it\/es\/wp-json\/wp\/v2\/product\/23037","targetHints":{"allow":["GET"]}}],"collection":[{"href":"https:\/\/www.stefaniazani.it\/es\/wp-json\/wp\/v2\/product"}],"about":[{"href":"https:\/\/www.stefaniazani.it\/es\/wp-json\/wp\/v2\/types\/product"}],"wp:featuredmedia":[{"embeddable":true,"href":"https:\/\/www.stefaniazani.it\/es\/wp-json\/"}],"wp:attachment":[{"href":"https:\/\/www.stefaniazani.it\/es\/wp-json\/wp\/v2\/media?parent=23037"}],"wp:term":[{"taxonomy":"product_brand","embeddable":true,"href":"https:\/\/www.stefaniazani.it\/es\/wp-json\/wp\/v2\/product_brand?post=23037"},{"taxonomy":"product_cat","embeddable":true,"href":"https:\/\/www.stefaniazani.it\/es\/wp-json\/wp\/v2\/product_cat?post=23037"},{"taxonomy":"product_tag","embeddable":true,"href":"https:\/\/www.stefaniazani.it\/es\/wp-json\/wp\/v2\/product_tag?post=23037"}],"curies":[{"name":"wp","href":"https:\/\/api.w.org\/{rel}","templated":true}]}}