{"id":1896,"date":"2024-04-19T08:13:24","date_gmt":"2024-04-19T07:13:24","guid":{"rendered":"https:\/\/stefaniazani.ilfondaco.it\/?page_id=1896"},"modified":"2025-12-11T13:20:22","modified_gmt":"2025-12-11T12:20:22","slug":"fiamme-gemelle-e-anime-karmiche","status":"publish","type":"page","link":"https:\/\/www.stefaniazani.it\/es\/llamas-gemas-y-almas-karmicas\/","title":{"rendered":"Llamas gemelas y almas k\u00e1rmicas"},"content":{"rendered":"<h1>Fiamme Gemelle e Anime Karmiche<\/h1>\n<hr>\n<div>\n<p>Il tema delle Fiamme Gemelle \u00e8 molto antico, ma se ne sente parlare solo da pochi anni.<\/p>\n<p>Questo non \u00e8 un caso, siamo entrati nell\u2019Era dell\u2019Aquario, un nuovo periodo della storia dell\u2019Umanit\u00e0 e delle Anime, e l\u2019incontro con la propria met\u00e0 animica \u00e8 fondamentale al fine della trasformazione qualitativa dell\u2019umanit\u00e0.<\/p>\n<p>Ci\u00f2 che, per\u00f2, sta succedendo \u00e8 che il concetto di Fiamma Gemella sta generando una nuova dipendenza. <br \/>Si giustificano atteggiamenti disfunzionali in nome di un legame di Anima.<\/p>\n<p>Il tema delle Fiamme Gemelle \u00e8 molto complesso, in verit\u00e0, e molto lontano da ci\u00f2 che viene comunemente narrato. <br \/>\u00c8 l\u2019occasione che l\u2019Anima si concede di fare un passaggio evolutivo profondo e trasformativo attraverso un incontro in cui proiettiamo sull\u2019altro le parti di noi stessi che non siamo riusciti ad integrare.<br \/>Quella mancanza che sentiamo dell\u2019altro \u00e8, in verit\u00e0, la mancanza di una parte di noi stessi, che va integrata.<\/p>\n<p>Ogni Anima \u00e8 a servizio delle altre, ci sono incontri attraverso i quali proiettiamo la nostra luce e altri in cui proiettiamo le ombre. <br \/>Conoscere come ci muoviamo nel piano della materia e delle relazioni \u00e8 liberatorio, perch\u00e9 ci permette di porre l\u2019attenzione su noi stessi, e non sull\u2019altro\u00a0fuori\u00a0di\u00a0noi.<\/p>\n<\/div>\n<div>\n<p>    <iframe loading=\"lazy\"\n    width=\"100%\" height=\"600\"\n    src=\"https:\/\/www.youtube-nocookie.com\/embed\/g5LflAnX5AY?si=jT8cmLG_7T1ZJJB8\"\n    title=\"Video Youtube Fiamme Gemelle e Anime Karmiche\"\n    frameborder=\"0\"\n    allow=\"accelerometer; autoplay; clipboard-write; encrypted-media; gyroscope; picture-in-picture; web-share\"\n    referrerpolicy=\"strict-origin-when-cross-origin\"\n    allowfullscreen><br \/>\n<\/iframe>\n<\/div>\n<p><!--more--><br \/>\n<!-- {\"type\":\"layout\",\"children\":[{\"name\":\"Base Accademia Sezione Corsi\",\"type\":\"section\",\"props\":{\"animation\":\"scale-up\",\"animation_delay\":\"350\",\"header_transparent\":false,\"image_position\":\"center-left\",\"image_size\":\"cover\",\"media_blend_mode\":\"overlay\",\"media_overlay\":\"rgba(255, 255, 255, 0.96)\",\"overlap\":false,\"padding_remove_top\":false,\"style\":\"default\",\"title_breakpoint\":\"xl\",\"title_position\":\"top-left\",\"title_rotation\":\"left\",\"vertical_align\":\"\",\"width\":\"default\"},\"children\":[{\"type\":\"row\",\"children\":[{\"type\":\"column\",\"props\":{\"image_position\":\"center-center\",\"position_sticky_breakpoint\":\"m\"},\"children\":[{\"type\":\"headline\",\"props\":{\"content\":\"Fiamme Gemelle e Anime Karmiche\",\"content_es_es\":\"Llamas gemelas y almas k\\u00e1rmicas\",\"margin\":\"small\",\"text_align\":\"center\",\"title_element\":\"h1\"}},{\"type\":\"divider\",\"props\":{\"divider_align\":\"center\",\"divider_element\":\"hr\",\"divider_style\":\"icon\",\"margin\":\"remove-vertical\",\"margin_remove_top\":true},\"name\":\"divider con stella\"},{\"type\":\"text\",\"props\":{\"column_breakpoint\":\"m\",\"content\":\"\n\n<p>Il tema delle Fiamme Gemelle \\u00e8 molto antico, ma se ne sente parlare solo da pochi anni.<\\\/p>\\n\n\n<p>Questo non \\u00e8 un caso, siamo entrati nell\\u2019Era dell\\u2019Aquario, un nuovo periodo della storia dell\\u2019Umanit\\u00e0 e delle Anime, e l\\u2019incontro con la propria met\\u00e0 animica \\u00e8 fondamentale al fine della trasformazione qualitativa dell\\u2019umanit\\u00e0.<\\\/p>\\n\n\n<p>Ci\\u00f2 che, per\\u00f2, sta succedendo \\u00e8 che il concetto di Fiamma Gemella sta generando una nuova dipendenza. <br \\\/>Si giustificano atteggiamenti disfunzionali in nome di un legame di Anima.<\\\/p>\\n\n\n<p>Il tema delle Fiamme Gemelle \\u00e8 molto complesso, in verit\\u00e0, e molto lontano da ci\\u00f2 che viene comunemente narrato. <br \\\/>\\u00c8 l\\u2019occasione che l\\u2019Anima si concede di fare un passaggio evolutivo profondo e trasformativo attraverso un incontro in cui proiettiamo sull\\u2019altro le parti di noi stessi che non siamo riusciti ad integrare.<br \\\/>Quella mancanza che sentiamo dell\\u2019altro \\u00e8, in verit\\u00e0, la mancanza di una parte di noi stessi, che va integrata.<\\\/p>\\n\n\n<p>Ogni Anima \\u00e8 a servizio delle altre, ci sono incontri attraverso i quali proiettiamo la nostra luce e altri in cui proiettiamo le ombre. <br \\\/>Conoscere come ci muoviamo nel piano della materia e delle relazioni \\u00e8 liberatorio, perch\\u00e9 ci permette di porre l\\u2019attenzione su noi stessi, e non sull\\u2019altro\\u00a0fuori\\u00a0di\\u00a0noi.<\\\/p>\",\"content_es_es\":\"\n\n<p>El tema de las Llamas Gemelas es muy antiguo, pero hace pocos a\\u00f1os que o\\u00edmos hablar de \\u00e9l.<\\\/p>\\n\n\n<p>No es casualidad; hemos entrado en la Era de Acuario, un nuevo periodo en la historia de la Humanidad y de las Almas, y el encuentro con la propia mitad del alma es fundamental para la transformaci\\u00f3n cualitativa de la humanidad.<\\\/p>\\n\n\n<p>Lo que est\\u00e1 ocurriendo, sin embargo, es que el concepto de la Llama Gemela est\\u00e1 generando una nueva adicci\\u00f3n.<br \\\/>Se est\\u00e1n justificando actitudes disfuncionales en nombre de un v\\u00ednculo del alma.<\\\/p>\\n\n\n<p>El tema de las Llamas Gemelas es muy complejo, en verdad, y est\\u00e1 muy lejos de lo que com\\u00fanmente se narra.<br \\\/>Es la oportunidad del Alma de hacer un cambio evolutivo profundo y transformador a trav\\u00e9s de un encuentro en el que proyectamos en el otro las partes de nosotros mismos que no hemos logrado integrar.<br \\\/>Esa falta que sentimos del otro es, en verdad, la falta de una parte de nosotros mismos, que debe ser integrada.<\\\/p>\\n\n\n<p>Cada Alma est\\u00e1 al servicio de las otras, hay encuentros a trav\\u00e9s de los cuales proyectamos nuestra luz y otros en los que proyectamos sombras.<br \\\/>Saber c\\u00f3mo nos movemos en el plano de la materia y de las relaciones es liberador, porque nos permite centrarnos en nosotros mismos, y no en el otro fuera de nosotros.<\\\/p>\",\"margin\":\"default\"}},{\"type\":\"html\",\"props\":{\"content\":\"<iframe\\n    width=\\\"100%\\\" height=\\\"600\\\"\\n    src=\\\"https:\\\/\\\/www.youtube-nocookie.com\\\/embed\\\/g5LflAnX5AY?si=jT8cmLG_7T1ZJJB8\\\"\\n    title=\\\"Video Youtube Fiamme Gemelle e Anime Karmiche\\\"\\n    frameborder=\\\"0\\\"\\n    allow=\\\"accelerometer; autoplay; clipboard-write; encrypted-media; gyroscope; picture-in-picture; web-share\\\"\\n    referrerpolicy=\\\"strict-origin-when-cross-origin\\\"\\n    allowfullscreen>\\n<\\\/iframe>\",\"content_es_es\":\"<iframe width=\\\"100%\\\" height=\\\"600\\\" src=\\\"https:\\\/\\\/www.youtube-nocookie.com\\\/embed\\\/g5LflAnX5AY?si=jT8cmLG_7T1ZJJB8\\\" title=\\\"YouTube video player\\\" frameborder=\\\"0\\\" allow=\\\"accelerometer; autoplay; clipboard-write; encrypted-media; gyroscope; picture-in-picture; web-share\\\" referrerpolicy=\\\"strict-origin-when-cross-origin\\\" allowfullscreen><\\\/iframe>\"}}]}]}]}],\"version\":\"4.5.31\"} --><\/p>\n","protected":false},"excerpt":{"rendered":"<p>Fiamme Gemelle e Anime Karmiche Il tema delle Fiamme Gemelle \u00e8 molto antico, ma se ne sente parlare solo da pochi anni. Questo non \u00e8 un caso, siamo entrati nell\u2019Era dell\u2019Aquario, un nuovo periodo della storia dell\u2019Umanit\u00e0 e delle Anime, e l\u2019incontro con la propria met\u00e0 animica \u00e8 fondamentale al fine della trasformazione qualitativa dell\u2019umanit\u00e0. [&hellip;]<\/p>\n","protected":false},"author":1,"featured_media":0,"parent":0,"menu_order":0,"comment_status":"closed","ping_status":"closed","template":"","meta":{"footnotes":""},"class_list":["post-1896","page","type-page","status-publish","hentry"],"yoast_head":"<!-- This site is optimized with the Yoast SEO plugin v27.5 - https:\/\/yoast.com\/product\/yoast-seo-wordpress\/ -->\n<title>Llamas gemelas y almas k\u00e1rmicas<\/title>\n<meta name=\"robots\" content=\"index, follow, max-snippet:-1, max-image-preview:large, max-video-preview:-1\" \/>\n<meta property=\"og:locale\" content=\"es_ES\" \/>\n<meta property=\"og:type\" content=\"article\" \/>\n<meta property=\"og:title\" content=\"Llamas gemelas y almas k\u00e1rmicas\" \/>\n<meta property=\"og:url\" content=\"https:\/\/www.stefaniazani.it\/es\/llamas-gemas-y-almas-karmicas\/\" \/>\n<meta property=\"og:site_name\" content=\"Stefania Zani\" \/>\n<meta property=\"article:publisher\" content=\"https:\/\/www.facebook.com\/p\/Stefania-Zani-100087139977126\/\" \/>\n<meta property=\"article:modified_time\" content=\"2025-12-11T12:20:22+00:00\" \/>\n<meta property=\"og:image\" content=\"https:\/\/www.stefaniazani.it\/wp-content\/uploads\/2024\/06\/Mi-presento-Foto-banner-principale-Stefania-Zani.png\" \/>\n\t<meta property=\"og:image:width\" content=\"800\" \/>\n\t<meta property=\"og:image:height\" content=\"1000\" \/>\n\t<meta property=\"og:image:type\" content=\"image\/png\" \/>\n<meta name=\"twitter:card\" content=\"summary_large_image\" \/>\n<meta name=\"twitter:label1\" content=\"Tiempo de lectura\" \/>\n\t<meta name=\"twitter:data1\" content=\"2 minutos\" \/>\n<script type=\"application\/ld+json\" class=\"yoast-schema-graph\">{\"@context\":\"https:\\\/\\\/schema.org\",\"@graph\":[{\"@type\":\"WebPage\",\"@id\":\"https:\\\/\\\/www.stefaniazani.it\\\/es\\\/llamas-gemas-y-almas-karmicas\\\/\",\"url\":\"https:\\\/\\\/www.stefaniazani.it\\\/es\\\/llamas-gemas-y-almas-karmicas\\\/\",\"name\":\"Fiamme gemelle e anime karmiche - Stefania Zani\",\"isPartOf\":{\"@id\":\"https:\\\/\\\/www.stefaniazani.it\\\/#website\"},\"datePublished\":\"2024-04-19T07:13:24+00:00\",\"dateModified\":\"2025-12-11T12:20:22+00:00\",\"description\":\"\\\"Fiamme gemelle e anime karmiche: trasformazione animica, integrazione personale e superamento delle dipendenze emotive nell'Era dell'Aquario\",\"breadcrumb\":{\"@id\":\"https:\\\/\\\/www.stefaniazani.it\\\/es\\\/llamas-gemas-y-almas-karmicas\\\/#breadcrumb\"},\"inLanguage\":\"es\",\"potentialAction\":[{\"@type\":\"ReadAction\",\"target\":[\"https:\\\/\\\/www.stefaniazani.it\\\/es\\\/llamas-gemas-y-almas-karmicas\\\/\"]}]},{\"@type\":\"BreadcrumbList\",\"@id\":\"https:\\\/\\\/www.stefaniazani.it\\\/es\\\/llamas-gemas-y-almas-karmicas\\\/#breadcrumb\",\"itemListElement\":[{\"@type\":\"ListItem\",\"position\":1,\"name\":\"Home\",\"item\":\"https:\\\/\\\/www.stefaniazani.it\\\/\"},{\"@type\":\"ListItem\",\"position\":2,\"name\":\"Llamas gemelas y almas k\u00e1rmicas\"}]},{\"@type\":\"WebSite\",\"@id\":\"https:\\\/\\\/www.stefaniazani.it\\\/es\\\/#website\",\"url\":\"https:\\\/\\\/www.stefaniazani.it\\\/es\\\/\",\"name\":\"Stefania Zani\",\"description\":\"\",\"publisher\":{\"@id\":\"https:\\\/\\\/www.stefaniazani.it\\\/es\\\/#organization\"},\"potentialAction\":[{\"@type\":\"SearchAction\",\"target\":{\"@type\":\"EntryPoint\",\"urlTemplate\":\"https:\\\/\\\/www.stefaniazani.it\\\/es\\\/?s={search_term_string}\"},\"query-input\":{\"@type\":\"PropertyValueSpecification\",\"valueRequired\":true,\"valueName\":\"search_term_string\"}}],\"inLanguage\":\"es\"},{\"@type\":\"Organization\",\"@id\":\"https:\\\/\\\/www.stefaniazani.it\\\/es\\\/#organization\",\"name\":\"Stefania Zani Srl\",\"url\":\"https:\\\/\\\/www.stefaniazani.it\\\/es\\\/\",\"logo\":{\"@type\":\"ImageObject\",\"inLanguage\":\"es\",\"@id\":\"https:\\\/\\\/www.stefaniazani.it\\\/es\\\/#\\\/schema\\\/logo\\\/image\\\/\",\"url\":\"https:\\\/\\\/www.stefaniazani.it\\\/wp-content\\\/uploads\\\/2024\\\/03\\\/stefania_zani_logo_start.png\",\"contentUrl\":\"https:\\\/\\\/www.stefaniazani.it\\\/wp-content\\\/uploads\\\/2024\\\/03\\\/stefania_zani_logo_start.png\",\"width\":250,\"height\":50,\"caption\":\"Stefania Zani Srl\"},\"image\":{\"@id\":\"https:\\\/\\\/www.stefaniazani.it\\\/es\\\/#\\\/schema\\\/logo\\\/image\\\/\"},\"sameAs\":[\"https:\\\/\\\/www.facebook.com\\\/p\\\/Stefania-Zani-100087139977126\\\/\",\"https:\\\/\\\/www.instagram.com\\\/stefania__zani\\\/\"]}]}<\/script>\n<!-- \/ Yoast SEO plugin. -->","yoast_head_json":{"title":"Llamas gemelas y almas k\u00e1rmicas","robots":{"index":"index","follow":"follow","max-snippet":"max-snippet:-1","max-image-preview":"max-image-preview:large","max-video-preview":"max-video-preview:-1"},"og_locale":"es_ES","og_type":"article","og_title":"Llamas gemelas y almas k\u00e1rmicas","og_url":"https:\/\/www.stefaniazani.it\/es\/llamas-gemas-y-almas-karmicas\/","og_site_name":"Stefania Zani","article_publisher":"https:\/\/www.facebook.com\/p\/Stefania-Zani-100087139977126\/","article_modified_time":"2025-12-11T12:20:22+00:00","og_image":[{"width":800,"height":1000,"url":"https:\/\/www.stefaniazani.it\/wp-content\/uploads\/2024\/06\/Mi-presento-Foto-banner-principale-Stefania-Zani.png","type":"image\/png"}],"twitter_card":"summary_large_image","twitter_misc":{"Tiempo de lectura":"2 minutos"},"schema":{"@context":"https:\/\/schema.org","@graph":[{"@type":"WebPage","@id":"https:\/\/www.stefaniazani.it\/es\/llamas-gemas-y-almas-karmicas\/","url":"https:\/\/www.stefaniazani.it\/es\/llamas-gemas-y-almas-karmicas\/","name":"Fiamme gemelle e anime karmiche - Stefania Zani","isPartOf":{"@id":"https:\/\/www.stefaniazani.it\/#website"},"datePublished":"2024-04-19T07:13:24+00:00","dateModified":"2025-12-11T12:20:22+00:00","description":"\"Fiamme gemelle e anime karmiche: trasformazione animica, integrazione personale e superamento delle dipendenze emotive nell'Era dell'Aquario","breadcrumb":{"@id":"https:\/\/www.stefaniazani.it\/es\/llamas-gemas-y-almas-karmicas\/#breadcrumb"},"inLanguage":"es","potentialAction":[{"@type":"ReadAction","target":["https:\/\/www.stefaniazani.it\/es\/llamas-gemas-y-almas-karmicas\/"]}]},{"@type":"BreadcrumbList","@id":"https:\/\/www.stefaniazani.it\/es\/llamas-gemas-y-almas-karmicas\/#breadcrumb","itemListElement":[{"@type":"ListItem","position":1,"name":"Home","item":"https:\/\/www.stefaniazani.it\/"},{"@type":"ListItem","position":2,"name":"Llamas gemelas y almas k\u00e1rmicas"}]},{"@type":"WebSite","@id":"https:\/\/www.stefaniazani.it\/es\/#website","url":"https:\/\/www.stefaniazani.it\/es\/","name":"Stefania Zani","description":"","publisher":{"@id":"https:\/\/www.stefaniazani.it\/es\/#organization"},"potentialAction":[{"@type":"SearchAction","target":{"@type":"EntryPoint","urlTemplate":"https:\/\/www.stefaniazani.it\/es\/?s={search_term_string}"},"query-input":{"@type":"PropertyValueSpecification","valueRequired":true,"valueName":"search_term_string"}}],"inLanguage":"es"},{"@type":"Organization","@id":"https:\/\/www.stefaniazani.it\/es\/#organization","name":"Stefania Zani Srl","url":"https:\/\/www.stefaniazani.it\/es\/","logo":{"@type":"ImageObject","inLanguage":"es","@id":"https:\/\/www.stefaniazani.it\/es\/#\/schema\/logo\/image\/","url":"https:\/\/www.stefaniazani.it\/wp-content\/uploads\/2024\/03\/stefania_zani_logo_start.png","contentUrl":"https:\/\/www.stefaniazani.it\/wp-content\/uploads\/2024\/03\/stefania_zani_logo_start.png","width":250,"height":50,"caption":"Stefania Zani Srl"},"image":{"@id":"https:\/\/www.stefaniazani.it\/es\/#\/schema\/logo\/image\/"},"sameAs":["https:\/\/www.facebook.com\/p\/Stefania-Zani-100087139977126\/","https:\/\/www.instagram.com\/stefania__zani\/"]}]}},"_links":{"self":[{"href":"https:\/\/www.stefaniazani.it\/es\/wp-json\/wp\/v2\/pages\/1896","targetHints":{"allow":["GET"]}}],"collection":[{"href":"https:\/\/www.stefaniazani.it\/es\/wp-json\/wp\/v2\/pages"}],"about":[{"href":"https:\/\/www.stefaniazani.it\/es\/wp-json\/wp\/v2\/types\/page"}],"author":[{"embeddable":true,"href":"https:\/\/www.stefaniazani.it\/es\/wp-json\/wp\/v2\/users\/1"}],"replies":[{"embeddable":true,"href":"https:\/\/www.stefaniazani.it\/es\/wp-json\/wp\/v2\/comments?post=1896"}],"version-history":[{"count":0,"href":"https:\/\/www.stefaniazani.it\/es\/wp-json\/wp\/v2\/pages\/1896\/revisions"}],"wp:attachment":[{"href":"https:\/\/www.stefaniazani.it\/es\/wp-json\/wp\/v2\/media?parent=1896"}],"curies":[{"name":"wp","href":"https:\/\/api.w.org\/{rel}","templated":true}]}}