{"id":1333,"date":"2024-03-27T17:05:49","date_gmt":"2024-03-27T16:05:49","guid":{"rendered":"https:\/\/stefaniazani.ilfondaco.it\/?page_id=1333"},"modified":"2026-01-28T23:26:57","modified_gmt":"2026-01-28T22:26:57","slug":"attivazione-dei-talenti","status":"publish","type":"page","link":"https:\/\/www.stefaniazani.it\/es\/activacion-de-talentos\/","title":{"rendered":"Activaci\u00f3n de talentos"},"content":{"rendered":"<h1>Attivazione dei Talenti<\/h1>\n<hr>\n<div>\n<p style=\"text-align: left;\">Ogni Anima custodisce un dono unico, un Talento, che attende di essere riconosciuto e attivato per diventare Luce nel mondo. I Talenti non sono solo un\u2019abilit\u00e0, ma una qualit\u00e0 animica che ci definisce e ci connette alla nostra dimensione divina. Il talento \u00e8 spesso cieco a se stessi, ed \u00e8 attraverso il riconoscimento e il rispecchiamento che il Talento si manifesta pienamente.<\/p>\n<p style=\"text-align: left;\">In questo seminario lavoreremo insieme per risvegliare i tuoi doni e integrarli nel tuo percorso di vita. <br \/>Durante il seminario, attraverso esercizi mirati e momenti di introspezione guidata, entrerai in contatto con la tua eEssenza pi\u00f9 autentica. <br \/>Io mi far\u00f2 portavoce di un messaggio da parte delle tue Guide che canalizzer\u00f2 e ti consegner\u00f2 alla fine della giornata, per accompagnarti poi in meditazione a incontrarle. <br \/>Il Talento non \u00e8 fine a se stesso, permette di manifestare la Missione dell\u2019Anima, intrecciandosi con la tua vita personale, relazionale e spirituale. \u00c8 solo nel radicamento nella materia che la qualit\u00e0 animica trova la sua piena espressione.<\/p>\n<p style=\"text-align: left;\">Un viaggio profondo per riconoscere chi sei e risplendere nella tua Verit\u00e0 pi\u00f9 autentica.<\/p>\n<\/div>\n<div>\n<p style=\"text-align: left;\"><strong>Chi partecipa al seminario di Attivazione dei Talenti ha l&#8217;opportunit\u00e0 di ottenere un attestato di partecipazione, con indicazione del monte ore. Questo attestato, una volta riconosciuto dall\u2019associazione a cui si \u00e8 iscritti, consente di acquisire crediti formativi (E.C.P.).<\/strong><\/p>\n<p style=\"text-align: left;\"><strong>L&#8217;Associazione AsC.O.N., presso la quale siamo accreditati come Accademia Essenziale, riconosce 20 E.C.P. per questo seminario, che si compone di un unico modulo.<br \/>Per chi fosse interessato al riconoscimento internazionale, \u00e8 possibile fare riferimento e associarsi all\u2019Associazione\u00a0AeAPRO.<\/strong><\/p>\n<p style=\"text-align: left;\">\n<\/div>\n<hr>\n<div>\n<p>        <img decoding=\"async\" src=\"\/wp-content\/uploads\/2026\/01\/Attivazione-dei-Talenti-2.png\" alt=\"\"><\/p>\n<h2>16 e 17 Maggio<br \/>Padova<\/h2>\n<p><a href=\"\/prodotto\/attivazione-dei-talenti-padova-16-17-maggio-2026\/\">Acquista Ora <img loading=\"lazy\" decoding=\"async\" src=\"https:\/\/www.stefaniazani.it\/wp-content\/uploads\/2024\/05\/freccia_stefania_zani.svg\"      width=\"20\" height=\"20\"      alt=\"freccia stile grafico Stefania Zani utilizzata per i pulsanti\"><\/a><\/p>\n<\/div>\n<p><!--more--><br \/>\n<!-- {\"type\":\"layout\",\"children\":[{\"type\":\"section\",\"props\":{\"animation\":\"scale-up\",\"animation_delay\":\"200\",\"image_position\":\"center-center\",\"style\":\"default\",\"title_breakpoint\":\"xl\",\"title_position\":\"top-left\",\"title_rotation\":\"left\",\"vertical_align\":\"middle\",\"width\":\"expand\"},\"children\":[{\"type\":\"row\",\"children\":[{\"type\":\"column\",\"props\":{\"image_position\":\"center-center\",\"position_sticky_breakpoint\":\"m\"},\"children\":[{\"type\":\"headline\",\"props\":{\"content\":\"Attivazione dei Talenti\",\"content_es_es\":\"Activaci\\u00f3n de talentos\",\"margin\":\"small\",\"text_align\":\"center\",\"title_element\":\"h1\"}},{\"type\":\"divider\",\"props\":{\"divider_element\":\"hr\",\"divider_style\":\"icon\",\"margin\":\"small\"}}]}]},{\"type\":\"row\",\"children\":[{\"type\":\"column\",\"props\":{\"image_position\":\"center-center\",\"position_sticky_breakpoint\":\"m\"},\"children\":[{\"type\":\"text\",\"props\":{\"column_breakpoint\":\"m\",\"content\":\"\n\n<p style=\\\"text-align: left;\\\">Ogni Anima custodisce un dono unico, un Talento, che attende di essere riconosciuto e attivato per diventare Luce nel mondo. I Talenti non sono solo un\\u2019abilit\\u00e0, ma una qualit\\u00e0 animica che ci definisce e ci connette alla nostra dimensione divina. Il talento \\u00e8 spesso cieco a se stessi, ed \\u00e8 attraverso il riconoscimento e il rispecchiamento che il Talento si manifesta pienamente.<\\\/p>\\n\n\n<p style=\\\"text-align: left;\\\">In questo seminario lavoreremo insieme per risvegliare i tuoi doni e integrarli nel tuo percorso di vita. <br \\\/>Durante il seminario, attraverso esercizi mirati e momenti di introspezione guidata, entrerai in contatto con la tua eEssenza pi\\u00f9 autentica. <br \\\/>Io mi far\\u00f2 portavoce di un messaggio da parte delle tue Guide che canalizzer\\u00f2 e ti consegner\\u00f2 alla fine della giornata, per accompagnarti poi in meditazione a incontrarle. <br \\\/>Il Talento non \\u00e8 fine a se stesso, permette di manifestare la Missione dell\\u2019Anima, intrecciandosi con la tua vita personale, relazionale e spirituale. \\u00c8 solo nel radicamento nella materia che la qualit\\u00e0 animica trova la sua piena espressione.<\\\/p>\\n\n\n<p style=\\\"text-align: left;\\\">Un viaggio profondo per riconoscere chi sei e risplendere nella tua Verit\\u00e0 pi\\u00f9 autentica.<\\\/p>\",\"content_es_es\":\"\n\n<p>Cada Alma posee un don \\u00fanico, un Talento, que espera ser reconocido y activado para convertirse en Luz en el mundo. Los talentos no son s\\u00f3lo una habilidad, sino una cualidad an\\u00edmica que nos define y nos conecta con nuestra dimensi\\u00f3n divina. El Talento a menudo es ciego a s\\u00ed mismo, y es a trav\\u00e9s del reconocimiento y el reflejo que el Talento se manifiesta plenamente.<\\\/p>\\n\n\n<p>En este seminario trabajaremos juntos para despertar tus dones e integrarlos en tu trayectoria vital.<br \\\/>Durante el seminario, a trav\\u00e9s de ejercicios espec\\u00edficos y momentos de introspecci\\u00f3n guiada, entrar\\u00e1s en contacto con tu eEssencia m\\u00e1s aut\\u00e9ntica.<br \\\/>Yo ser\\u00e9 el portavoz de un mensaje de tus Gu\\u00edas, que canalizar\\u00e9 y te entregar\\u00e9 al final del d\\u00eda, y luego te acompa\\u00f1ar\\u00e9 en meditaci\\u00f3n para reunirme con ellos.<br \\\/>El talento no es un fin en s\\u00ed mismo, te permite manifestar la Misi\\u00f3n del Alma, entrelaz\\u00e1ndose con tu vida personal, relacional y espiritual. S\\u00f3lo enraiz\\u00e1ndose en la materia, la cualidad del alma encuentra su plena expresi\\u00f3n.<\\\/p>\\n\n\n<p>Un viaje profundo para reconocer qui\\u00e9n eres y brillar en tu Verdad m\\u00e1s aut\\u00e9ntica.<\\\/p>\",\"margin\":\"default\"}}]}]},{\"type\":\"row\",\"children\":[{\"type\":\"column\",\"props\":{\"image_position\":\"center-center\",\"position_sticky_breakpoint\":\"m\"},\"children\":[{\"type\":\"text\",\"props\":{\"column_breakpoint\":\"m\",\"content\":\"\n\n<p style=\\\"text-align: left;\\\"><strong>Chi partecipa al seminario di Attivazione dei Talenti ha l'opportunit\\u00e0 di ottenere un attestato di partecipazione, con indicazione del monte ore. Questo attestato, una volta riconosciuto dall\\u2019associazione a cui si \\u00e8 iscritti, consente di acquisire crediti formativi (E.C.P.).<\\\/strong><\\\/p>\\n\n\n<p style=\\\"text-align: left;\\\"><strong>L'Associazione AsC.O.N., presso la quale siamo accreditati come Accademia Essenziale, riconosce 20 E.C.P. per questo seminario, che si compone di un unico modulo.<br \\\/>Per chi fosse interessato al riconoscimento internazionale, \\u00e8 possibile fare riferimento e associarsi all\\u2019Associazione\\u00a0AeAPRO.<\\\/strong><\\\/p>\\n\n\n<p style=\\\"text-align: left;\\\"><\\\/p>\",\"content_es_es\":\"\n\n<p><strong>Los asistentes al seminario de Activaci\\u00f3n del Talento tienen la oportunidad de obtener un certificado de asistencia, indicando el n\\u00famero de horas. Este certificado, una vez reconocido por la asociaci\\u00f3n en la que est\\u00e9 inscrito, le permite adquirir cr\\u00e9ditos de formaci\\u00f3n (E.C.P.).<\\\/strong><\\\/p>\\n\n\n<p><strong>La Asociaci\\u00f3n AsC.O.N., con la que estamos acreditados como Academia Esencial, reconoce 20 E.C.P. por este seminario, que consta de un \\u00fanico m\\u00f3dulo.<br \\\/>Si le interesa el reconocimiento internacional, puede dirigirse a la Asociaci\\u00f3n AeAPRO y afiliarse a ella.<br \\\/><\\\/strong><\\\/p>\",\"margin\":\"default\",\"text_align\":\"left\",\"text_color\":\"success\"}},{\"type\":\"divider\",\"props\":{\"divider_element\":\"hr\",\"divider_style\":\"icon\",\"margin\":\"small\"}}]}]},{\"type\":\"row\",\"props\":{\"column_gap\":\"medium\",\"layout\":\"1-3,1-3,1-3\",\"width\":\"default\"},\"children\":[{\"type\":\"column\",\"props\":{\"image_position\":\"center-center\",\"position_sticky_breakpoint\":\"m\",\"width_medium\":\"1-3\"},\"children\":[{\"type\":\"overlay\",\"props\":{\"image\":\"wp-content\\\/uploads\\\/2026\\\/01\\\/Attivazione-dei-Talenti-2.png\",\"link\":\"prodotto\\\/attivazione-dei-talenti-padova-16-17-maggio-2026\\\/\",\"link_style\":\"text\",\"link_text\":\"Acquista Ora <img src=\\\"https:\\\/\\\/www.stefaniazani.it\\\/wp-content\\\/uploads\\\/2024\\\/05\\\/freccia_stefania_zani.svg\\\"      width=\\\"20\\\" height=\\\"20\\\"      alt=\\\"freccia stile grafico Stefania Zani utilizzata per i pulsanti\\\">\",\"margin\":\"default\",\"meta_align\":\"below-title\",\"meta_element\":\"div\",\"meta_style\":\"text-meta\",\"overlay_hover\":true,\"overlay_link\":true,\"overlay_mode\":\"cover\",\"overlay_position\":\"center\",\"overlay_style\":\"tile-default\",\"overlay_transition\":\"fade\",\"text_align\":\"center\",\"text_color\":\"light\",\"title\":\"16 e 17 Maggio<br \/>Padova\",\"title_element\":\"h2\",\"title_hover_style\":\"reset\"}}]},{\"type\":\"column\",\"props\":{\"image_position\":\"center-center\",\"position_sticky_breakpoint\":\"m\",\"width_medium\":\"1-3\"}},{\"type\":\"column\",\"props\":{\"image_position\":\"center-center\",\"position_sticky_breakpoint\":\"m\",\"width_medium\":\"1-3\"}}]},{\"type\":\"row\",\"children\":[{\"type\":\"column\",\"props\":{\"image_position\":\"center-center\",\"position_sticky_breakpoint\":\"m\"},\"children\":[{\"type\":\"text\",\"props\":{\"column_breakpoint\":\"m\",\"content\":\"Al momento non ci sono seminari in programma, nuove date saranno presto disponibili.\",\"margin\":\"default\",\"status\":\"disabled\",\"text_align\":\"center\",\"text_color\":\"success\",\"text_style\":\"large\"}}]}]}],\"name\":\"Lezioni in programma sezione corsi\"}],\"version\":\"4.5.31\"} --><\/p>\n","protected":false},"excerpt":{"rendered":"<p>Attivazione dei Talenti Ogni Anima custodisce un dono unico, un Talento, che attende di essere riconosciuto e attivato per diventare Luce nel mondo. I Talenti non sono solo un\u2019abilit\u00e0, ma una qualit\u00e0 animica che ci definisce e ci connette alla nostra dimensione divina. Il talento \u00e8 spesso cieco a se stessi, ed \u00e8 attraverso il [&hellip;]<\/p>\n","protected":false},"author":1,"featured_media":0,"parent":0,"menu_order":0,"comment_status":"closed","ping_status":"closed","template":"","meta":{"footnotes":""},"class_list":["post-1333","page","type-page","status-publish","hentry"],"yoast_head":"<!-- This site is optimized with the Yoast SEO plugin v27.5 - https:\/\/yoast.com\/product\/yoast-seo-wordpress\/ -->\n<title>Activaci\u00f3n de talentos<\/title>\n<meta name=\"robots\" content=\"index, follow, max-snippet:-1, max-image-preview:large, max-video-preview:-1\" \/>\n<meta property=\"og:locale\" content=\"es_ES\" \/>\n<meta property=\"og:type\" content=\"article\" \/>\n<meta property=\"og:title\" content=\"Activaci\u00f3n de talentos\" \/>\n<meta property=\"og:url\" content=\"https:\/\/www.stefaniazani.it\/es\/activacion-de-talentos\/\" \/>\n<meta property=\"og:site_name\" content=\"Stefania Zani\" \/>\n<meta property=\"article:publisher\" content=\"https:\/\/www.facebook.com\/p\/Stefania-Zani-100087139977126\/\" \/>\n<meta property=\"article:modified_time\" content=\"2026-01-28T22:26:57+00:00\" \/>\n<meta property=\"og:image\" content=\"https:\/\/www.stefaniazani.it\/wp-content\/uploads\/2024\/05\/freccia_stefania_zani.svg\" \/>\n<meta name=\"twitter:card\" content=\"summary_large_image\" \/>\n<meta name=\"twitter:label1\" content=\"Tiempo de lectura\" \/>\n\t<meta name=\"twitter:data1\" content=\"2 minutos\" \/>\n<script type=\"application\/ld+json\" class=\"yoast-schema-graph\">{\"@context\":\"https:\\\/\\\/schema.org\",\"@graph\":[{\"@type\":\"WebPage\",\"@id\":\"https:\\\/\\\/www.stefaniazani.it\\\/es\\\/activacion-de-talentos\\\/\",\"url\":\"https:\\\/\\\/www.stefaniazani.it\\\/es\\\/activacion-de-talentos\\\/\",\"name\":\"Attivazione dei talenti - Stefania Zani\",\"isPartOf\":{\"@id\":\"https:\\\/\\\/www.stefaniazani.it\\\/#website\"},\"primaryImageOfPage\":{\"@id\":\"https:\\\/\\\/www.stefaniazani.it\\\/es\\\/activacion-de-talentos\\\/#primaryimage\"},\"image\":{\"@id\":\"https:\\\/\\\/www.stefaniazani.it\\\/es\\\/activacion-de-talentos\\\/#primaryimage\"},\"thumbnailUrl\":\"https:\\\/\\\/www.stefaniazani.it\\\/wp-content\\\/uploads\\\/2024\\\/05\\\/freccia_stefania_zani.svg\",\"datePublished\":\"2024-03-27T16:05:49+00:00\",\"dateModified\":\"2026-01-28T22:26:57+00:00\",\"description\":\"Partecipa al seminario Attivazione dei Talenti, scopri e attiva i tuoi talenti innati attraverso tecniche pratiche e meditazione.\",\"breadcrumb\":{\"@id\":\"https:\\\/\\\/www.stefaniazani.it\\\/es\\\/activacion-de-talentos\\\/#breadcrumb\"},\"inLanguage\":\"es\",\"potentialAction\":[{\"@type\":\"ReadAction\",\"target\":[\"https:\\\/\\\/www.stefaniazani.it\\\/es\\\/activacion-de-talentos\\\/\"]}]},{\"@type\":\"ImageObject\",\"inLanguage\":\"es\",\"@id\":\"https:\\\/\\\/www.stefaniazani.it\\\/es\\\/activacion-de-talentos\\\/#primaryimage\",\"url\":\"https:\\\/\\\/www.stefaniazani.it\\\/wp-content\\\/uploads\\\/2024\\\/05\\\/freccia_stefania_zani.svg\",\"contentUrl\":\"https:\\\/\\\/www.stefaniazani.it\\\/wp-content\\\/uploads\\\/2024\\\/05\\\/freccia_stefania_zani.svg\"},{\"@type\":\"BreadcrumbList\",\"@id\":\"https:\\\/\\\/www.stefaniazani.it\\\/es\\\/activacion-de-talentos\\\/#breadcrumb\",\"itemListElement\":[{\"@type\":\"ListItem\",\"position\":1,\"name\":\"Home\",\"item\":\"https:\\\/\\\/www.stefaniazani.it\\\/\"},{\"@type\":\"ListItem\",\"position\":2,\"name\":\"Activaci\u00f3n de talentos\"}]},{\"@type\":\"WebSite\",\"@id\":\"https:\\\/\\\/www.stefaniazani.it\\\/es\\\/#website\",\"url\":\"https:\\\/\\\/www.stefaniazani.it\\\/es\\\/\",\"name\":\"Stefania Zani\",\"description\":\"\",\"publisher\":{\"@id\":\"https:\\\/\\\/www.stefaniazani.it\\\/es\\\/#organization\"},\"potentialAction\":[{\"@type\":\"SearchAction\",\"target\":{\"@type\":\"EntryPoint\",\"urlTemplate\":\"https:\\\/\\\/www.stefaniazani.it\\\/es\\\/?s={search_term_string}\"},\"query-input\":{\"@type\":\"PropertyValueSpecification\",\"valueRequired\":true,\"valueName\":\"search_term_string\"}}],\"inLanguage\":\"es\"},{\"@type\":\"Organization\",\"@id\":\"https:\\\/\\\/www.stefaniazani.it\\\/es\\\/#organization\",\"name\":\"Stefania Zani Srl\",\"url\":\"https:\\\/\\\/www.stefaniazani.it\\\/es\\\/\",\"logo\":{\"@type\":\"ImageObject\",\"inLanguage\":\"es\",\"@id\":\"https:\\\/\\\/www.stefaniazani.it\\\/es\\\/#\\\/schema\\\/logo\\\/image\\\/\",\"url\":\"https:\\\/\\\/www.stefaniazani.it\\\/wp-content\\\/uploads\\\/2024\\\/03\\\/stefania_zani_logo_start.png\",\"contentUrl\":\"https:\\\/\\\/www.stefaniazani.it\\\/wp-content\\\/uploads\\\/2024\\\/03\\\/stefania_zani_logo_start.png\",\"width\":250,\"height\":50,\"caption\":\"Stefania Zani Srl\"},\"image\":{\"@id\":\"https:\\\/\\\/www.stefaniazani.it\\\/es\\\/#\\\/schema\\\/logo\\\/image\\\/\"},\"sameAs\":[\"https:\\\/\\\/www.facebook.com\\\/p\\\/Stefania-Zani-100087139977126\\\/\",\"https:\\\/\\\/www.instagram.com\\\/stefania__zani\\\/\"]}]}<\/script>\n<!-- \/ Yoast SEO plugin. -->","yoast_head_json":{"title":"Activaci\u00f3n de talentos","robots":{"index":"index","follow":"follow","max-snippet":"max-snippet:-1","max-image-preview":"max-image-preview:large","max-video-preview":"max-video-preview:-1"},"og_locale":"es_ES","og_type":"article","og_title":"Activaci\u00f3n de talentos","og_url":"https:\/\/www.stefaniazani.it\/es\/activacion-de-talentos\/","og_site_name":"Stefania Zani","article_publisher":"https:\/\/www.facebook.com\/p\/Stefania-Zani-100087139977126\/","article_modified_time":"2026-01-28T22:26:57+00:00","og_image":[{"url":"https:\/\/www.stefaniazani.it\/wp-content\/uploads\/2024\/05\/freccia_stefania_zani.svg","type":"","width":"","height":""}],"twitter_card":"summary_large_image","twitter_misc":{"Tiempo de lectura":"2 minutos"},"schema":{"@context":"https:\/\/schema.org","@graph":[{"@type":"WebPage","@id":"https:\/\/www.stefaniazani.it\/es\/activacion-de-talentos\/","url":"https:\/\/www.stefaniazani.it\/es\/activacion-de-talentos\/","name":"Attivazione dei talenti - Stefania Zani","isPartOf":{"@id":"https:\/\/www.stefaniazani.it\/#website"},"primaryImageOfPage":{"@id":"https:\/\/www.stefaniazani.it\/es\/activacion-de-talentos\/#primaryimage"},"image":{"@id":"https:\/\/www.stefaniazani.it\/es\/activacion-de-talentos\/#primaryimage"},"thumbnailUrl":"https:\/\/www.stefaniazani.it\/wp-content\/uploads\/2024\/05\/freccia_stefania_zani.svg","datePublished":"2024-03-27T16:05:49+00:00","dateModified":"2026-01-28T22:26:57+00:00","description":"Partecipa al seminario Attivazione dei Talenti, scopri e attiva i tuoi talenti innati attraverso tecniche pratiche e meditazione.","breadcrumb":{"@id":"https:\/\/www.stefaniazani.it\/es\/activacion-de-talentos\/#breadcrumb"},"inLanguage":"es","potentialAction":[{"@type":"ReadAction","target":["https:\/\/www.stefaniazani.it\/es\/activacion-de-talentos\/"]}]},{"@type":"ImageObject","inLanguage":"es","@id":"https:\/\/www.stefaniazani.it\/es\/activacion-de-talentos\/#primaryimage","url":"https:\/\/www.stefaniazani.it\/wp-content\/uploads\/2024\/05\/freccia_stefania_zani.svg","contentUrl":"https:\/\/www.stefaniazani.it\/wp-content\/uploads\/2024\/05\/freccia_stefania_zani.svg"},{"@type":"BreadcrumbList","@id":"https:\/\/www.stefaniazani.it\/es\/activacion-de-talentos\/#breadcrumb","itemListElement":[{"@type":"ListItem","position":1,"name":"Home","item":"https:\/\/www.stefaniazani.it\/"},{"@type":"ListItem","position":2,"name":"Activaci\u00f3n de talentos"}]},{"@type":"WebSite","@id":"https:\/\/www.stefaniazani.it\/es\/#website","url":"https:\/\/www.stefaniazani.it\/es\/","name":"Stefania Zani","description":"","publisher":{"@id":"https:\/\/www.stefaniazani.it\/es\/#organization"},"potentialAction":[{"@type":"SearchAction","target":{"@type":"EntryPoint","urlTemplate":"https:\/\/www.stefaniazani.it\/es\/?s={search_term_string}"},"query-input":{"@type":"PropertyValueSpecification","valueRequired":true,"valueName":"search_term_string"}}],"inLanguage":"es"},{"@type":"Organization","@id":"https:\/\/www.stefaniazani.it\/es\/#organization","name":"Stefania Zani Srl","url":"https:\/\/www.stefaniazani.it\/es\/","logo":{"@type":"ImageObject","inLanguage":"es","@id":"https:\/\/www.stefaniazani.it\/es\/#\/schema\/logo\/image\/","url":"https:\/\/www.stefaniazani.it\/wp-content\/uploads\/2024\/03\/stefania_zani_logo_start.png","contentUrl":"https:\/\/www.stefaniazani.it\/wp-content\/uploads\/2024\/03\/stefania_zani_logo_start.png","width":250,"height":50,"caption":"Stefania Zani Srl"},"image":{"@id":"https:\/\/www.stefaniazani.it\/es\/#\/schema\/logo\/image\/"},"sameAs":["https:\/\/www.facebook.com\/p\/Stefania-Zani-100087139977126\/","https:\/\/www.instagram.com\/stefania__zani\/"]}]}},"_links":{"self":[{"href":"https:\/\/www.stefaniazani.it\/es\/wp-json\/wp\/v2\/pages\/1333","targetHints":{"allow":["GET"]}}],"collection":[{"href":"https:\/\/www.stefaniazani.it\/es\/wp-json\/wp\/v2\/pages"}],"about":[{"href":"https:\/\/www.stefaniazani.it\/es\/wp-json\/wp\/v2\/types\/page"}],"author":[{"embeddable":true,"href":"https:\/\/www.stefaniazani.it\/es\/wp-json\/wp\/v2\/users\/1"}],"replies":[{"embeddable":true,"href":"https:\/\/www.stefaniazani.it\/es\/wp-json\/wp\/v2\/comments?post=1333"}],"version-history":[{"count":0,"href":"https:\/\/www.stefaniazani.it\/es\/wp-json\/wp\/v2\/pages\/1333\/revisions"}],"wp:attachment":[{"href":"https:\/\/www.stefaniazani.it\/es\/wp-json\/wp\/v2\/media?parent=1333"}],"curies":[{"name":"wp","href":"https:\/\/api.w.org\/{rel}","templated":true}]}}